{"id":8002,"date":"2024-05-21T16:56:37","date_gmt":"2024-05-21T14:56:37","guid":{"rendered":"https:\/\/www.melita.io\/solutions\/ev-charging-station\/"},"modified":"2025-11-18T10:24:35","modified_gmt":"2025-11-18T09:24:35","slug":"ev-charging-station","status":"publish","type":"solutions","link":"https:\/\/www.melita.io\/de\/losungen\/ev-charging-station\/","title":{"rendered":"EV Charging Station"},"content":{"rendered":"\r\n\r\n<div class=\"single-solution ev-charging-solution\">\r\n\r\n \r\n <section class=\"fold-hero\" style=\"background-image: url('https:\/\/www.melita.io\/wp-content\/plugins\/melita-iot-custom-pages\/img\/solutions\/ev-charging\/hero-img.jpg')\">\r\n <div class=\"wrapper extra-padding-bottom\">\r\n\r\n \r\n <div class=\"fold-details\">\r\n\r\n \r\n <h1 class=\"fold-title\">EV Charging Station<\/h1>\r\n\r\n <div class=\"fold-desc\">\r\n <p>Elektrofahrzeuge (EVs) sind ein wichtiger Bestandteil der EV-Ladeinfrastruktur, um die negativen Auswirkungen der Treibhausgasemissionen des Verkehrs zu bek\u00e4mpfen. Elektrofahrzeuge tragen zur Verringerung der CO2-Emissionen und zur Verbesserung der Luftqualit\u00e4t bei und sind ein strategisches Gut, das dauerhafte Vorteile wie eine h\u00f6here Energieproduktivit\u00e4t, finanzielle Einsparungen und die F\u00f6rderung des Wirtschaftswachstums mit sich bringt. Daher ist es wichtig, die Integration von E-Fahrzeug-Technologien in den Gesch\u00e4ftsbetrieb in Betracht zu ziehen, um Unternehmen dabei zu helfen, ihre Nachhaltigkeitsziele zu erreichen und sich von der Konkurrenz abzuheben, um im Wettbewerb der Branche die Nase vorn zu haben.<\/p>\r\n <\/div>\r\n\r\n <\/div>\r\n <\/div>\r\n <\/section>\r\n\r\n \r\n <section class=\"fold-cards\">\r\n <div class=\"wrapper no-padding-top margin-top-negative row\">\r\n\r\n \r\n <div class=\"card-wrap col-xs-12 col-sm-6 col-md-3\">\r\n\r\n \r\n <div class=\"card\" scroll-from=\"section-1\">\r\n\r\n \r\n <div class=\"card-top\">\r\n\r\n \r\n <h3 class=\"card-title\">Verringerung der Umweltbelastung<\/h3>\r\n <\/div>\r\n\r\n \r\n <div class=\"card-bottom\">\r\n <span>Mehr erfahren<\/span>\r\n <\/div>\r\n <\/div>\r\n <\/div>\r\n\r\n \r\n <div class=\"card-wrap col-xs-12 col-sm-6 col-md-3\">\r\n\r\n \r\n <div class=\"card\" scroll-from=\"section-2\">\r\n\r\n \r\n <div class=\"card-top\">\r\n\r\n \r\n <h3 class=\"card-title\">Energieeffizienz und Kosteneinsparungen<\/h3>\r\n <\/div>\r\n\r\n \r\n <div class=\"card-bottom\">\r\n <span>Mehr erfahren<\/span>\r\n <\/div>\r\n <\/div>\r\n <\/div>\r\n\r\n \r\n <div class=\"card-wrap col-xs-12 col-sm-6 col-md-3\">\r\n\r\n \r\n <div class=\"card\" scroll-from=\"section-3\">\r\n\r\n \r\n <div class=\"card-top\">\r\n\r\n \r\n <h3 class=\"card-title\">Infrastrukturentwicklung und Wirtschaftswachstum<\/h3>\r\n <\/div>\r\n\r\n \r\n <div class=\"card-bottom\">\r\n <span>Mehr erfahren<\/span>\r\n <\/div>\r\n <\/div>\r\n <\/div>\r\n\r\n \r\n <div class=\"card-wrap col-xs-12 col-sm-6 col-md-3\">\r\n\r\n \r\n <div class=\"card\" scroll-from=\"section-4\">\r\n\r\n \r\n <div class=\"card-top\">\r\n\r\n \r\n <h3 class=\"card-title\">\u00d6ffentliche Ladeinfrastrukturen f\u00fcr Elektrofahrzeuge<\/h3>\r\n <\/div>\r\n\r\n \r\n <div class=\"card-bottom\">\r\n <span>Mehr erfahren<\/span>\r\n <\/div>\r\n <\/div>\r\n <\/div>\r\n <\/div>\r\n <\/section>\r\n\r\n \r\n <section class=\"fold-list fold-default bg-black wrapped-bg\" scroll-to=\"section-1\">\r\n <div class=\"wrapper no-padding-top\">\r\n\r\n <div class=\"fold-bg border-blue\">\r\n\r\n <div class=\"fold-details\">\r\n <h2 class=\"fold-title\">Verringerung der Umweltbelastung<\/h2>\r\n <\/div>\r\n\r\n <div class=\"list-wrap\">\r\n <ul>\r\n <li>\r\n <p>Umstieg von fossil betriebenen Fahrzeugen auf Elektrofahrzeuge<\/p>\r\n <\/li>\r\n <li>\r\n <p>Die Nutzung sauberer Stromquellen tr\u00e4gt zur Minimierung der Kohlenstoffemissionen und damit zur Abschw\u00e4chung der Auswirkungen des Klimawandels bei<\/p>\r\n <\/li>\r\n <li>\r\n <p>E-Fahrzeuge, die an diesen Stationen aufgeladen werden, produzieren keine Auspuffemissionen und verbessern die Luftqualit\u00e4t in den St\u00e4dten<\/p>\r\n <\/li>\r\n <li>\r\n <p>F\u00f6rderung umweltfreundlicherer Verkehrsmittel und deutliche Verringerung des CO2-Aussto\u00dfes<\/p>\r\n <\/li>\r\n <li>\r\n <p>Langfristige Vorteile erzielen<\/p>\r\n <\/li>\r\n <\/ul>\r\n <\/div>\r\n <\/div>\r\n\r\n <\/div>\r\n <\/section>\r\n\r\n \r\n <section class=\"fold-default bg-black wrapped-bg\" scroll-to=\"section-2\">\r\n <div class=\"wrapper no-padding-top\">\r\n <div class=\"fold-bg bg-black border-green row center-xs\">\r\n\r\n \r\n <div class=\"fold-img-wrap col-xs-12 col-md-6\">\r\n <img decoding=\"async\" src=\"https:\/\/www.melita.io\/wp-content\/plugins\/melita-iot-custom-pages\/img\/solutions\/ev-charging\/energy-efficiency.jpg\" alt=\"\" class=\"fold-img\">\r\n <\/div>\r\n\r\n \r\n <div class=\"fold-details col-xs-12 col-md-6 fg-white\">\r\n\r\n <h2 class=\"fold-title\">Energieeffizienz und Kosteneinsparungen<\/h2>\r\n\r\n \r\n <ol>\r\n <li>\r\n <p>Nutzung intelligenter Technologien zur Optimierung der Ladepl\u00e4ne auf der Grundlage von Netznachfrage, Energiepreisen und Fahrzeugnutzungsmustern<\/p>\r\n <\/li>\r\n <li>\r\n <p><a href=\"https:\/\/www.melita.io\/de\/losungen\/transport-und-logistik\/\">Transport And Logistics IoT Solutions<\/a><\/p>\r\n <\/li>\r\n <li>\r\n <p>\u00d6ffentlicher Verkehr<\/p>\r\n <\/li>\r\n <li>\r\n <p>Reduzierung von Unf\u00e4llen durch proaktive Pr\u00e4vention mit Daten\u00fcberwachung und akustischen Warnhinweisen<\/p>\r\n <\/li>\r\n <\/ol>\r\n\r\n <\/div>\r\n\r\n <\/div>\r\n <\/div>\r\n <\/section>\r\n\r\n \r\n <section class=\"fold-default bg-black wrapped-bg\" scroll-to=\"section-3\">\r\n <div class=\"wrapper\">\r\n\r\n <div class=\"fold-bg border-blue bg-black\">\r\n\r\n <div class=\"fold-details\">\r\n <h2 class=\"fold-title\">Infrastrukturentwicklung und Wirtschaftswachstum<\/h2>\r\n <\/div>\r\n <div class=\"list-wrap\">\r\n <ul class=\"list-column\">\r\n <li>\r\n <p>Intelligente Ladel\u00f6sungen<\/p>\r\n <\/li>\r\n <li>\r\n <p>Aufbau eines Netzes von Ladestationen in st\u00e4dtischen, vorst\u00e4dtischen und l\u00e4ndlichen Gebieten.<\/p>\r\n <\/li>\r\n <li>\r\n <p>Einf\u00fchrung intelligenter Ladetechnologie zur Effizienz- und Netzoptimierung<\/p>\r\n <\/li>\r\n <li>\r\n <p>Verbesserung des regenerativen Bremsens<\/p>\r\n <\/li>\r\n <\/ul>\r\n <ul class=\"list-column\">\r\n <li>\r\n <p>Reduzierung von Energieverschwendung und -verbrauch<\/p>\r\n <\/li>\r\n <li>\r\n <p>Langfristige wirtschaftliche Vorteile durch geringere Gesundheitskosten aufgrund sauberer Luft und geringerer Abh\u00e4ngigkeit von fossilen Brennstoffen<\/p>\r\n <\/li>\r\n <li>\r\n <p>Integration in die bestehende Infrastruktur (Tankstellen, Parkpl\u00e4tze, Autobahnen)<\/p>\r\n <\/li>\r\n <\/ul>\r\n <\/div>\r\n\r\n <\/div>\r\n\r\n <\/div>\r\n <\/section>\r\n\r\n \r\n <section class=\"fold-default bg-black wrapped-bg\" scroll-to=\"section-4\">\r\n <div class=\"wrapper\">\r\n <div class=\"fold-bg bg-black border-green row middle-xs\">\r\n\r\n \r\n <div class=\"fold-img-wrap col-xs-12 col-md-6\">\r\n <img decoding=\"async\" src=\"https:\/\/www.melita.io\/wp-content\/plugins\/melita-iot-custom-pages\/img\/solutions\/ev-charging\/public-charging.jpg\" alt=\"\" class=\"fold-img\">\r\n <\/div>\r\n\r\n \r\n <div class=\"fold-details col-xs-12 col-md-6\">\r\n\r\n <h2 class=\"fold-title\">\u00d6ffentliche Ladeinfrastrukturen f\u00fcr Elektrofahrzeuge<\/h2>\r\n\r\n <div class=\"fold-desc\">\r\n <p>Aufgrund der wachsenden Nachfrage nach Elektrofahrzeugen werden L\u00f6sungen f\u00fcr leicht zug\u00e4ngliche \u00f6ffentliche Ladestationen ben\u00f6tigt. Die Infrastruktur f\u00fcr \u00f6ffentliches Laden ist wichtig, um Elektrofahrzeuge an verschiedenen Orten zu erm\u00f6glichen, z. B:<\/p>\r\n <\/div>\r\n\r\n \r\n <div class=\"list-wrap row\">\r\n <ul class=\"list-column col-xs-12 col-md-6\">\r\n <li>\r\n <p>B\u00fcror\u00e4ume<\/p>\r\n <\/li>\r\n <li>\r\n <p>Einzelhandelsgesch\u00e4fte<\/p>\r\n <\/li>\r\n <li>\r\n <p>Krankenh\u00e4user<\/p>\r\n <\/li>\r\n <li>\r\n <p>Flugh\u00e4fen<\/p>\r\n <\/li>\r\n <\/ul>\r\n <ul class=\"list-column col-xs-12 col-md-6\">\r\n <li>\r\n <p>Universit\u00e4ten und Fachhochschulen<\/p>\r\n <\/li>\r\n <li>\r\n <p>\u00d6ffentliche Parkh\u00e4user und Parkpl\u00e4tze<\/p>\r\n <\/li>\r\n <li>\r\n <p>Schulen<\/p>\r\n <\/li>\r\n <li>\r\n <p>Hotels<\/p>\r\n <\/li>\r\n <\/ul>\r\n <\/div>\r\n\r\n <div class=\"fold-desc\">\r\n <p>Die Einf\u00fchrung intelligenter Ladetechnologien f\u00fcr E-Fahrzeuge in Gewerbe- und Gesch\u00e4ftsr\u00e4umen hat mehrere Vorteile.<\/p>\r\n <\/div>\r\n\r\n <ul>\r\n <li>\r\n <p>Verringerung des \u00f6kologischen Fu\u00dfabdrucks<\/p>\r\n <\/li>\r\n <li>\r\n <p>Geringerer Energiebedarf<\/p>\r\n <\/li>\r\n <li>\r\n <p>Best\u00e4tigung f\u00fcr eine technologisch fortschrittliche Nutzung<\/p>\r\n <\/li>\r\n <li>\r\n <p>Erf\u00fcllung der Anforderungen der Kunden sowohl jetzt als auch in Zukunft<\/p>\r\n <\/li>\r\n <\/ul>\r\n\r\n <\/div>\r\n\r\n <\/div>\r\n <\/div>\r\n <\/section>\r\n\r\n \r\n <section class=\"fold-articles fold-default fold-slider bg-white overflow-hidden\">\r\n <div class=\"wrapper full-width\">\r\n\r\n <div class=\"fold-details col-xs-12\">\r\n <h2 class=\"fold-title text-center\">\u00c4hnliche Artikel<\/h2>\r\n <\/div>\r\n\r\n\r\n <div class=\"articles owl-carousel overflow\">\r\n <div class=\"card-wrap\">\r\n <a class=\"card no-styles\" style=\"background-image: url('https:\/\/www.melita.io\/wp-content\/uploads\/2026\/04\/10.M0495-Melitaio-Article-10-image-1.jpg')\" href=\"https:\/\/www.melita.io\/de\/artikel-und-nachrichten\/esims-role-in-expanding-iot-and-connected-device-markets\/\">\r\n <h6 class=\"card-title\">Die Rolle der eSIM bei der Skalierung von IoT- und vernetzten Ger\u00e4te-M\u00e4rkten<\/h6>\r\n <\/a>\r\n <\/div>\r\n <div class=\"card-wrap\">\r\n <a class=\"card no-styles\" style=\"background-image: url('https:\/\/www.melita.io\/wp-content\/uploads\/2026\/04\/12_M0497-Melitaio-Article-12-image-1.jpg')\" href=\"https:\/\/www.melita.io\/de\/artikel-und-nachrichten\/international-iot-day-2026-how-iot-esim-is-shaping-the-future-of-enterprise-iot-connectivity\/\">\r\n <h6 class=\"card-title\">Internationaler IoT-Tag 2026: Wie IoT eSIM die Zukunft der Enterprise-IoT-Konnektivit\u00e4t pr\u00e4gt<\/h6>\r\n <\/a>\r\n <\/div>\r\n <div class=\"card-wrap\">\r\n <a class=\"card no-styles\" style=\"background-image: url('https:\/\/www.melita.io\/wp-content\/uploads\/2026\/04\/eSIM-Launch_M0489-Melitaio-eSIM-Launch-image-1.jpg')\" href=\"https:\/\/www.melita.io\/de\/artikel-und-nachrichten\/melita-io-launches-iot-esim-solution-to-accelerate-scalable-global-connectivity\/\">\r\n <h6 class=\"card-title\">melita.io startet IoT-eSIM-L\u00f6sung zur Beschleunigung skalierbarer globaler Konnektivit\u00e4t<\/h6>\r\n <\/a>\r\n <\/div>\r\n <div class=\"card-wrap\">\r\n <a class=\"card no-styles\" style=\"background-image: url('https:\/\/www.melita.io\/wp-content\/uploads\/2026\/03\/jpgM0482-Melitaio-Article-9-image-1.jpg')\" href=\"https:\/\/www.melita.io\/de\/artikel-und-nachrichten\/esim-trends-and-future-growth-in-industrial-iot-markets\/\">\r\n <h6 class=\"card-title\">eSIM-Trends und zuk\u00fcnftiges Wachstum in industriellen IoT-M\u00e4rkten<\/h6>\r\n <\/a>\r\n <\/div>\r\n <div class=\"card-wrap\">\r\n <a class=\"card no-styles\" style=\"background-image: url('https:\/\/www.melita.io\/wp-content\/uploads\/2026\/03\/M0476-Melitaio-Article-08-image-1.jpg')\" href=\"https:\/\/www.melita.io\/de\/artikel-und-nachrichten\/how-remote-sim-provisioning-rsp-reshapes-mobile-connectivity\/\">\r\n <h6 class=\"card-title\">Wie Remote SIM Provisioning die mobile Konnektivit\u00e4t neu gestaltet<\/h6>\r\n <\/a>\r\n <\/div>\r\n <div class=\"card-wrap\">\r\n <a class=\"card no-styles\" style=\"background-image: url('https:\/\/www.melita.io\/wp-content\/uploads\/2026\/03\/M0470-Melitaio-Article-07-Image-2-1.jpg')\" href=\"https:\/\/www.melita.io\/de\/artikel-und-nachrichten\/who-benefits-from-gsmas-esim-technology\/\">\r\n <h6 class=\"card-title\">Wer profitiert von der eSIM-Technologie der GSMA?<\/h6>\r\n <\/a>\r\n <\/div>\r\n <div class=\"card-wrap\">\r\n <a class=\"card no-styles\" style=\"background-image: url('https:\/\/www.melita.io\/wp-content\/uploads\/2026\/03\/M0467-Melitaio-Article-06-Image-1.jpg')\" href=\"https:\/\/www.melita.io\/de\/artikel-und-nachrichten\/was-ist-die-von-der-gsma-definierte-esim-und-warum-ist-sie-heute-relevant\/\">\r\n <h6 class=\"card-title\">Was ist die von der GSMA definierte eSIM und warum ist sie heute relevant?<\/h6>\r\n <\/a>\r\n <\/div>\r\n <div class=\"card-wrap\">\r\n <a class=\"card no-styles\" style=\"background-image: url('https:\/\/www.melita.io\/wp-content\/uploads\/2026\/03\/M0462-Melitaio-Article-05-Image-1.jpg')\" href=\"https:\/\/www.melita.io\/de\/artikel-und-nachrichten\/gsma-esim-standards-erklaert-sgp-22-vs-sgp-32\/\">\r\n <h6 class=\"card-title\">GSMA eSIM-Standards erkl\u00e4rt: SGP.22 vs. SGP.32<\/h6>\r\n <\/a>\r\n <\/div>\r\n <div class=\"card-wrap\">\r\n <a class=\"card no-styles\" style=\"background-image: url('https:\/\/www.melita.io\/wp-content\/uploads\/2026\/02\/M0436-Melitaio-Hero-Fold-images-Social-Media-post-4-1.jpg')\" href=\"https:\/\/www.melita.io\/de\/artikel-und-nachrichten\/esim-use-cases-powering-iot-and-smart-connectivity\/\">\r\n <h6 class=\"card-title\">eSIM-Anwendungsf\u00e4lle \u2013 IoT und smarte Konnektivit\u00e4t vorantreiben<\/h6>\r\n <\/a>\r\n <\/div>\r\n <div class=\"card-wrap\">\r\n <a class=\"card no-styles\" style=\"background-image: url('https:\/\/www.melita.io\/wp-content\/uploads\/2026\/02\/M0436-Melitaio-Hero-Fold-images-Social-Media-post-3.jpg')\" href=\"https:\/\/www.melita.io\/de\/artikel-und-nachrichten\/the-future-of-esim-trends-and-innovations\/\">\r\n <h6 class=\"card-title\">Die Zukunft der eSIM \u2013 Trends und Innovationen<\/h6>\r\n <\/a>\r\n <\/div>\r\n <\/div>\r\n <\/div>\r\n <\/section>\r\n\r\n \r\n<section class=\"fold-connectivity-provider fold-default bg-white-ellipse-gradient\">\r\n <div class=\"wrapper\">\r\n <div class=\"fold-details col-xs-12 col-md-7\">\r\n <h2 class=\"fold-title col-md-11 fg-blue margin-0\">melita.io<\/h2>\r\n <h2 class=\"fold-title col-md-11\">ist ihr Anbieter von Konnektivit\u00e4t<\/h2>\r\n <div class=\"fold-desc col-md-11\">\r\n <p>melita.io widmet sich der Bereitstellung flexibler und wettbewerbsf\u00e4higer IoT-Konnektivit\u00e4tsl\u00f6sungen auf Basis von Mobilfunk und LoRaWAN\u00ae f\u00fcr Kunden weltweit. Unser Ansatz ist \"digital first\" und fokussiert darauf, unseren Kunden w\u00e4hrend ihres gesamten Lebenszyklus einen erstklassigen Service zu bieten.<\/p>\r\n <\/div>\r\n <div class=\"button-wrap\">\r\n <a class=\"button-default green\" data-custom-open=\"request-quote-modal\">Mehr erfahren<\/a>\r\n <\/div>\r\n <\/div>\r\n <div class=\"fold-img-wrap col-md-5\">\r\n <img decoding=\"async\" class=\"fold-img\" src=\"https:\/\/www.melita.io\/wp-content\/plugins\/melita-iot-custom-pages\/templates\/solutions\/single-templates\/..\/..\/..\/img\/solutions\/connectivity-provider.png\" alt=\"\">\r\n <\/div>\r\n <\/div>\r\n<\/section>\r\n\r\n<\/div>\r\n\n","protected":false},"excerpt":{"rendered":"","protected":false},"author":8,"featured_media":7995,"parent":0,"menu_order":0,"comment_status":"open","ping_status":"closed","template":"","format":"standard","class_list":["post-8002","solutions","type-solutions","status-publish","format-standard","has-post-thumbnail","hentry"],"acf":[],"yoast_head":"\n<title>EV Charging Station - melita.io<\/title>\n<meta name=\"description\" content=\"EV-Ladestation: Smarte Steuerung von Lades\u00e4ulen mit IoT\" \/>\n<meta name=\"robots\" content=\"index, follow, max-snippet:-1, max-image-preview:large, max-video-preview:-1\" \/>\n<link rel=\"canonical\" href=\"https:\/\/www.melita.io\/de\/losungen\/ev-charging-station\/\" \/>\n<meta property=\"og:locale\" content=\"de_DE\" \/>\n<meta property=\"og:type\" content=\"article\" \/>\n<meta property=\"og:title\" content=\"EV Charging Station - melita.io\" \/>\n<meta property=\"og:description\" content=\"EV-Ladestation: Smarte Steuerung von Lades\u00e4ulen mit IoT\" \/>\n<meta property=\"og:url\" content=\"https:\/\/www.melita.io\/de\/losungen\/ev-charging-station\/\" \/>\n<meta property=\"og:site_name\" content=\"melita.io\" \/>\n<meta property=\"article:modified_time\" content=\"2025-11-18T09:24:35+00:00\" \/>\n<meta property=\"og:image\" content=\"https:\/\/www.melita.io\/wp-content\/uploads\/2024\/05\/ev-og-img.jpg\" \/>\n\t<meta property=\"og:image:width\" content=\"1200\" \/>\n\t<meta property=\"og:image:height\" content=\"628\" \/>\n\t<meta property=\"og:image:type\" content=\"image\/jpeg\" \/>\n<meta name=\"twitter:card\" content=\"summary_large_image\" \/>\n<meta name=\"twitter:label1\" content=\"Gesch\u00e4tzte Lesezeit\" \/>\n\t<meta name=\"twitter:data1\" content=\"1\u00a0Minute\" \/>\n<script type=\"application\/ld+json\" class=\"yoast-schema-graph\">{\"@context\":\"https:\/\/schema.org\",\"@graph\":[{\"@type\":\"WebPage\",\"@id\":\"https:\/\/www.melita.io\/de\/losungen\/ev-charging-station\/\",\"url\":\"https:\/\/www.melita.io\/de\/losungen\/ev-charging-station\/\",\"name\":\"EV Charging Station - melita.io\",\"isPartOf\":{\"@id\":\"https:\/\/www.melita.io\/de\/#website\"},\"primaryImageOfPage\":{\"@id\":\"https:\/\/www.melita.io\/de\/losungen\/ev-charging-station\/#primaryimage\"},\"image\":{\"@id\":\"https:\/\/www.melita.io\/de\/losungen\/ev-charging-station\/#primaryimage\"},\"thumbnailUrl\":\"https:\/\/www.melita.io\/wp-content\/uploads\/2024\/05\/ev-og-img.jpg\",\"datePublished\":\"2024-05-21T14:56:37+00:00\",\"dateModified\":\"2025-11-18T09:24:35+00:00\",\"description\":\"EV-Ladestation: Smarte Steuerung von Lades\u00e4ulen mit IoT\",\"breadcrumb\":{\"@id\":\"https:\/\/www.melita.io\/de\/losungen\/ev-charging-station\/#breadcrumb\"},\"inLanguage\":\"de\",\"potentialAction\":[{\"@type\":\"ReadAction\",\"target\":[\"https:\/\/www.melita.io\/de\/losungen\/ev-charging-station\/\"]}]},{\"@type\":\"ImageObject\",\"inLanguage\":\"de\",\"@id\":\"https:\/\/www.melita.io\/de\/losungen\/ev-charging-station\/#primaryimage\",\"url\":\"https:\/\/www.melita.io\/wp-content\/uploads\/2024\/05\/ev-og-img.jpg\",\"contentUrl\":\"https:\/\/www.melita.io\/wp-content\/uploads\/2024\/05\/ev-og-img.jpg\",\"width\":1200,\"height\":628},{\"@type\":\"BreadcrumbList\",\"@id\":\"https:\/\/www.melita.io\/de\/losungen\/ev-charging-station\/#breadcrumb\",\"itemListElement\":[{\"@type\":\"ListItem\",\"position\":1,\"name\":\"home\",\"item\":\"https:\/\/www.melita.io\/de\/\"},{\"@type\":\"ListItem\",\"position\":2,\"name\":\"Solutions\",\"item\":\"https:\/\/www.melita.io\/de\/l\u00f6sungen\/\"},{\"@type\":\"ListItem\",\"position\":3,\"name\":\"EV Charging Station\"}]},{\"@type\":\"WebSite\",\"@id\":\"https:\/\/www.melita.io\/de\/#website\",\"url\":\"https:\/\/www.melita.io\/de\/\",\"name\":\"melita.io\",\"description\":\"Europ\u00e4isches M2M connectivity Netzwerk\",\"publisher\":{\"@id\":\"https:\/\/www.melita.io\/de\/#organization\"},\"potentialAction\":[{\"@type\":\"SearchAction\",\"target\":{\"@type\":\"EntryPoint\",\"urlTemplate\":\"https:\/\/www.melita.io\/de\/?s={search_term_string}\"},\"query-input\":{\"@type\":\"PropertyValueSpecification\",\"valueRequired\":true,\"valueName\":\"search_term_string\"}}],\"inLanguage\":\"de\"},{\"@type\":\"Organization\",\"@id\":\"https:\/\/www.melita.io\/de\/#organization\",\"name\":\"Melita.io\",\"url\":\"https:\/\/www.melita.io\/de\/\",\"logo\":{\"@type\":\"ImageObject\",\"inLanguage\":\"de\",\"@id\":\"https:\/\/www.melita.io\/de\/#\/schema\/logo\/image\/\",\"url\":\"https:\/\/www.melita.io\/wp-content\/uploads\/2020\/11\/melita-io-logo.png\",\"contentUrl\":\"https:\/\/www.melita.io\/wp-content\/uploads\/2020\/11\/melita-io-logo.png\",\"width\":130,\"height\":50,\"caption\":\"Melita.io\"},\"image\":{\"@id\":\"https:\/\/www.melita.io\/de\/#\/schema\/logo\/image\/\"}}]}<\/script>\n","yoast_head_json":{"title":"EV Charging Station - melita.io","description":"EV-Ladestation: Smarte Steuerung von Lades\u00e4ulen mit IoT","robots":{"index":"index","follow":"follow","max-snippet":"max-snippet:-1","max-image-preview":"max-image-preview:large","max-video-preview":"max-video-preview:-1"},"canonical":"https:\/\/www.melita.io\/de\/losungen\/ev-charging-station\/","og_locale":"de_DE","og_type":"article","og_title":"EV Charging Station - melita.io","og_description":"EV-Ladestation: Smarte Steuerung von Lades\u00e4ulen mit IoT","og_url":"https:\/\/www.melita.io\/de\/losungen\/ev-charging-station\/","og_site_name":"melita.io","article_modified_time":"2025-11-18T09:24:35+00:00","og_image":[{"width":1200,"height":628,"url":"https:\/\/www.melita.io\/wp-content\/uploads\/2024\/05\/ev-og-img.jpg","type":"image\/jpeg"}],"twitter_card":"summary_large_image","twitter_misc":{"Gesch\u00e4tzte Lesezeit":"1\u00a0Minute"},"schema":{"@context":"https:\/\/schema.org","@graph":[{"@type":"WebPage","@id":"https:\/\/www.melita.io\/de\/losungen\/ev-charging-station\/","url":"https:\/\/www.melita.io\/de\/losungen\/ev-charging-station\/","name":"EV Charging Station - melita.io","isPartOf":{"@id":"https:\/\/www.melita.io\/de\/#website"},"primaryImageOfPage":{"@id":"https:\/\/www.melita.io\/de\/losungen\/ev-charging-station\/#primaryimage"},"image":{"@id":"https:\/\/www.melita.io\/de\/losungen\/ev-charging-station\/#primaryimage"},"thumbnailUrl":"https:\/\/www.melita.io\/wp-content\/uploads\/2024\/05\/ev-og-img.jpg","datePublished":"2024-05-21T14:56:37+00:00","dateModified":"2025-11-18T09:24:35+00:00","description":"EV-Ladestation: Smarte Steuerung von Lades\u00e4ulen mit IoT","breadcrumb":{"@id":"https:\/\/www.melita.io\/de\/losungen\/ev-charging-station\/#breadcrumb"},"inLanguage":"de","potentialAction":[{"@type":"ReadAction","target":["https:\/\/www.melita.io\/de\/losungen\/ev-charging-station\/"]}]},{"@type":"ImageObject","inLanguage":"de","@id":"https:\/\/www.melita.io\/de\/losungen\/ev-charging-station\/#primaryimage","url":"https:\/\/www.melita.io\/wp-content\/uploads\/2024\/05\/ev-og-img.jpg","contentUrl":"https:\/\/www.melita.io\/wp-content\/uploads\/2024\/05\/ev-og-img.jpg","width":1200,"height":628},{"@type":"BreadcrumbList","@id":"https:\/\/www.melita.io\/de\/losungen\/ev-charging-station\/#breadcrumb","itemListElement":[{"@type":"ListItem","position":1,"name":"home","item":"https:\/\/www.melita.io\/de\/"},{"@type":"ListItem","position":2,"name":"Solutions","item":"https:\/\/www.melita.io\/de\/l\u00f6sungen\/"},{"@type":"ListItem","position":3,"name":"EV Charging Station"}]},{"@type":"WebSite","@id":"https:\/\/www.melita.io\/de\/#website","url":"https:\/\/www.melita.io\/de\/","name":"melita.io","description":"Europ\u00e4isches M2M connectivity Netzwerk","publisher":{"@id":"https:\/\/www.melita.io\/de\/#organization"},"potentialAction":[{"@type":"SearchAction","target":{"@type":"EntryPoint","urlTemplate":"https:\/\/www.melita.io\/de\/?s={search_term_string}"},"query-input":{"@type":"PropertyValueSpecification","valueRequired":true,"valueName":"search_term_string"}}],"inLanguage":"de"},{"@type":"Organization","@id":"https:\/\/www.melita.io\/de\/#organization","name":"Melita.io","url":"https:\/\/www.melita.io\/de\/","logo":{"@type":"ImageObject","inLanguage":"de","@id":"https:\/\/www.melita.io\/de\/#\/schema\/logo\/image\/","url":"https:\/\/www.melita.io\/wp-content\/uploads\/2020\/11\/melita-io-logo.png","contentUrl":"https:\/\/www.melita.io\/wp-content\/uploads\/2020\/11\/melita-io-logo.png","width":130,"height":50,"caption":"Melita.io"},"image":{"@id":"https:\/\/www.melita.io\/de\/#\/schema\/logo\/image\/"}}]}},"_links":{"self":[{"href":"https:\/\/www.melita.io\/de\/wp-json\/wp\/v2\/solutions\/8002","targetHints":{"allow":["GET"]}}],"collection":[{"href":"https:\/\/www.melita.io\/de\/wp-json\/wp\/v2\/solutions"}],"about":[{"href":"https:\/\/www.melita.io\/de\/wp-json\/wp\/v2\/types\/solutions"}],"author":[{"embeddable":true,"href":"https:\/\/www.melita.io\/de\/wp-json\/wp\/v2\/users\/8"}],"replies":[{"embeddable":true,"href":"https:\/\/www.melita.io\/de\/wp-json\/wp\/v2\/comments?post=8002"}],"version-history":[{"count":1,"href":"https:\/\/www.melita.io\/de\/wp-json\/wp\/v2\/solutions\/8002\/revisions"}],"predecessor-version":[{"id":10000,"href":"https:\/\/www.melita.io\/de\/wp-json\/wp\/v2\/solutions\/8002\/revisions\/10000"}],"wp:featuredmedia":[{"embeddable":true,"href":"https:\/\/www.melita.io\/de\/wp-json\/wp\/v2\/media\/7995"}],"wp:attachment":[{"href":"https:\/\/www.melita.io\/de\/wp-json\/wp\/v2\/media?parent=8002"}],"curies":[{"name":"wp","href":"https:\/\/api.w.org\/{rel}","templated":true}]}}