{"id":8003,"date":"2024-05-21T16:56:37","date_gmt":"2024-05-21T14:56:37","guid":{"rendered":"https:\/\/www.melita.io\/solutions\/ev-charging-station\/"},"modified":"2025-11-18T10:08:33","modified_gmt":"2025-11-18T09:08:33","slug":"ev-charging-station","status":"publish","type":"solutions","link":"https:\/\/www.melita.io\/it\/soluzioni\/stazione-di-ricarica-ev\/","title":{"rendered":"EV Charging Station"},"content":{"rendered":"\r\n\r\n<div class=\"single-solution ev-charging-solution\">\r\n \r\n \r\n <section class=\"fold-hero\" style=\"background-image: url('https:\/\/www.melita.io\/wp-content\/plugins\/melita-iot-custom-pages\/img\/solutions\/health\/hero-img.jpg')\">\r\n <div class=\"wrapper extra-padding-bottom\">\r\n \r\n \r\n <div class=\"fold-details\">\r\n \r\n \r\n <h1 class=\"fold-title\">Stazione di ricarica EV<\/h1>\r\n \r\n <div class=\"fold-desc\">\r\n <p>I veicoli elettrici (EV) sono una parte importante dell'infrastruttura di ricarica EV per combattere l'impatto negativo delle emissioni di gas serra prodotte dai mezzi di trasporto. I veicoli elettrici contribuiscono a ridurre le emissioni di CO2 e a migliorare la qualit\u00e0 dell'aria e sono un asset strategico che porta benefici duraturi come l'aumento della produttivit\u00e0 energetica, il risparmio finanziario e la promozione della crescita economica. \u00c8 quindi importante considerare l'integrazione delle tecnologie EV nelle operazioni aziendali per aiutare le aziende a raggiungere i loro obiettivi di sostenibilit\u00e0 e a differenziarsi dalla concorrenza per rimanere all'avanguardia nel settore.<\/p>\r\n <\/div>\r\n \r\n <\/div>\r\n <\/div>\r\n <\/section>\r\n \r\n \r\n <section class=\"fold-cards\">\r\n <div class=\"wrapper no-padding-top margin-top-negative row\">\r\n \r\n \r\n <div class=\"card-wrap col-xs-12 col-sm-6 col-md-3\">\r\n \r\n \r\n <div class=\"card\" scroll-from=\"section-1\">\r\n \r\n \r\n <div class=\"card-top\">\r\n \r\n \r\n <h3 class=\"card-title\">Ridurre al minimo l'impatto ambientale<\/h3>\r\n <\/div>\r\n \r\n \r\n <div class=\"card-bottom\">\r\n <span>Scopri di pi\u00f9<\/span>\r\n <\/div>\r\n <\/div>\r\n <\/div>\r\n \r\n \r\n <div class=\"card-wrap col-xs-12 col-sm-6 col-md-3\">\r\n \r\n \r\n <div class=\"card\" scroll-from=\"section-2\">\r\n \r\n \r\n <div class=\"card-top\">\r\n \r\n \r\n <h3 class=\"card-title\">Efficienza energetica e risparmio economico<\/h3>\r\n <\/div>\r\n \r\n \r\n <div class=\"card-bottom\">\r\n <span>Scopri di pi\u00f9<\/span>\r\n <\/div>\r\n <\/div>\r\n <\/div>\r\n \r\n \r\n <div class=\"card-wrap col-xs-12 col-sm-6 col-md-3\">\r\n \r\n \r\n <div class=\"card\" scroll-from=\"section-3\">\r\n \r\n \r\n <div class=\"card-top\">\r\n \r\n \r\n <h3 class=\"card-title\">Sviluppo delle infrastrutture e crescita economica<\/h3>\r\n <\/div>\r\n \r\n \r\n <div class=\"card-bottom\">\r\n <span>Scopri di pi\u00f9<\/span>\r\n <\/div>\r\n <\/div>\r\n <\/div>\r\n \r\n \r\n <div class=\"card-wrap col-xs-12 col-sm-6 col-md-3\">\r\n \r\n \r\n <div class=\"card\" scroll-from=\"section-4\">\r\n \r\n \r\n <div class=\"card-top\">\r\n \r\n \r\n <h3 class=\"card-title\">Soluzioni di ricarica pubbliche<\/h3>\r\n <\/div>\r\n \r\n \r\n <div class=\"card-bottom\">\r\n <span>Scopri di pi\u00f9<\/span>\r\n <\/div>\r\n <\/div>\r\n <\/div>\r\n <\/div>\r\n <\/section>\r\n \r\n \r\n <section class=\"fold-break\" scroll-to=\"section-1\" style=\"background-image: url('https:\/\/www.melita.io\/wp-content\/plugins\/melita-iot-custom-pages\/img\/solutions\/ev-charging\/hero-img.jpg')\">\r\n <div class=\"wrapper\">\r\n \r\n \r\n <div class=\"fold-details row center-xs\">\r\n <h2 class=\"fold-title\">Ridurre al minimo l'impatto ambientale<\/h2>\r\n <\/div>\r\n <\/div>\r\n <\/section>\r\n \r\n \r\n <section class=\"fold-list\">\r\n <div class=\"wrapper\">\r\n \r\n <div class=\"list-wrap\">\r\n <ul>\r\n <li>\r\n <p>Passaggio da veicoli a combustibili fossili a mezzi di trasporto elettrici<\/p>\r\n <\/li>\r\n <li>\r\n <p>L'utilizzo di fonti di elettricit\u00e0 pi\u00f9 pulite aiuta a ridurre al minimo le emissioni di carbonio, contribuendo a mitigare gli effetti del cambiamento climatico<\/p>\r\n <\/li>\r\n <li>\r\n <p>I veicoli elettrici caricati presso queste stazioni producono zero emissioni di gas di scarico, migliorando la qualit\u00e0 dell'aria nelle citt\u00e0<\/p>\r\n <\/li>\r\n <li>\r\n <p>Favorire un trasporto pi\u00f9 pulito e ridurre in modo significativo l'impronta di carbonio<\/p>\r\n <\/li>\r\n <li>\r\n <p>Ottenere benefici a lungo termine<\/p>\r\n <\/li>\r\n <\/ul>\r\n <\/div>\r\n <\/div>\r\n <\/section>\r\n \r\n \r\n <section class=\"fold-default bg-black\" scroll-to=\"section-2\">\r\n <div class=\"wrapper\">\r\n \r\n \r\n <div class=\"fold-details row center-xs\">\r\n <h2 class=\"fold-title\">Efficienza energetica e risparmio economico<\/h2>\r\n <\/div>\r\n <\/div>\r\n <\/section>\r\n \r\n \r\n <section class=\"fold-split bg-white\">\r\n \r\n \r\n <div class=\"fold-img-wrap col-xs-12 col-md-6\">\r\n <div style=\"background-image: url('https:\/\/www.melita.io\/wp-content\/plugins\/melita-iot-custom-pages\/img\/solutions\/ev-charging\/energy-efficiency.jpg')\" alt=\"\" class=\"fold-img\"><\/div>\r\n <\/div>\r\n \r\n \r\n <div class=\"fold-details col-xs-12 col-md-6\">\r\n \r\n \r\n <ol>\r\n <li>\r\n <p>Utilizzo di tecnologie intelligenti per ottimizzare i programmi di ricarica in base alla domanda di rete, ai prezzi dell'energia e ai modelli di utilizzo dei veicoli<\/p>\r\n <\/li>\r\n <li>\r\n <p><a href=\"https:\/\/www.melita.io\/it\/soluzioni\/trasporti-e-logistica\/\">Trasporti e logistica<\/a><\/p>\r\n <\/li>\r\n <li>\r\n <p>Trasporti pubblici<\/p>\r\n <\/li>\r\n <li>\r\n <p>Riduzione degli incidenti grazie alla prevenzione proattiva con il monitoraggio dei dati e gli avvisi acustici<\/p>\r\n <\/li>\r\n <\/ol>\r\n \r\n <\/div>\r\n \r\n <\/section>\r\n \r\n \r\n <section class=\"fold-default bg-black\" scroll-to=\"section-3\">\r\n <div class=\"wrapper\">\r\n \r\n \r\n <div class=\"fold-details row center-xs\">\r\n <h2 class=\"fold-title\">Sviluppo delle infrastrutture e crescita economica<\/h2>\r\n <\/div>\r\n <\/div>\r\n <\/section>\r\n \r\n \r\n <section class=\"fold-list\">\r\n <div class=\"wrapper\">\r\n \r\n <div class=\"list-wrap\">\r\n <ul class=\"list-column\">\r\n <li>\r\n <p>Soluzioni di ricarica intelligenti<\/p>\r\n <\/li>\r\n <li>\r\n <p>Creazione di una rete di stazioni di ricarica nelle aree urbane, suburbane e rurali<\/p>\r\n <\/li>\r\n <li>\r\n <p>Implementazione della tecnologia di ricarica intelligente per l'efficienza e l'ottimizzazione della rete<\/p>\r\n <\/li>\r\n <li>\r\n <p>Apportare migliorie alla frenata rigenerativa<\/p>\r\n <\/li>\r\n <\/ul>\r\n <ul class=\"list-column\">\r\n <li>\r\n <p>Riduzione degli sprechi e dei consumi energetici<\/p>\r\n <\/li>\r\n <li>\r\n <p>Benefici economici a lungo termine derivanti dalla riduzione dei costi sanitari grazie all'aria pi\u00f9 pulita e alla minore dipendenza dai combustibili fossili<\/p>\r\n <\/li>\r\n <li>\r\n <p>Integrazione con le infrastrutture esistenti (stazioni di servizio, parcheggi, autostrade)<\/p>\r\n <\/li>\r\n <\/ul>\r\n <\/div>\r\n <\/div>\r\n <\/section>\r\n \r\n \r\n <section class=\"fold-default bg-black\" scroll-to=\"section-4\">\r\n <div class=\"wrapper\">\r\n \r\n \r\n <div class=\"fold-title-wrap\">\r\n <h2 class=\"fold-title\">Soluzioni di ricarica pubblica per veicoli elettrici<\/h2>\r\n <\/div>\r\n <\/div>\r\n <\/section>\r\n \r\n \r\n <section class=\"fold-split bg-white reversed\">\r\n \r\n \r\n <div class=\"fold-img-wrap col-xs-12 col-md-6\">\r\n <div style=\"background-image: url('https:\/\/www.melita.io\/wp-content\/plugins\/melita-iot-custom-pages\/img\/solutions\/ev-charging\/public-charging.jpg')\" alt=\"\" class=\"fold-img\"><\/div>\r\n <\/div>\r\n \r\n \r\n <div class=\"fold-details col-xs-12 col-md-6\">\r\n \r\n <div class=\"fold-desc\">\r\n <p>A causa della crescente domanda di veicoli elettrici, sono necessarie soluzioni per una ricarica pubblica facilmente accessibile. L'infrastruttura per la ricarica pubblica \u00e8 essenziale per consentire l'utilizzo dei veicoli elettrici in vari luoghi, ad esempio: <\/p>\r\n <\/div>\r\n \r\n \r\n <div class=\"list-wrap row\">\r\n <ul class=\"list-column col-xs-12 col-md-6\">\r\n <li>\r\n <p>Uffici<\/p>\r\n <\/li>\r\n <li>\r\n <p>Negozi al dettaglio<\/p>\r\n <\/li>\r\n <li>\r\n <p>Ospedali<\/p>\r\n <\/li>\r\n <li>\r\n <p>Aeroporti<\/p>\r\n <\/li>\r\n <\/ul>\r\n <ul class=\"list-column col-xs-12 col-md-6\">\r\n <li>\r\n <p>Universit\u00e0 e licei<\/p>\r\n <\/li>\r\n <li>\r\n <p>Garage e parcheggi pubblici<\/p>\r\n <\/li>\r\n <li>\r\n <p>Scuole<\/p>\r\n <\/li>\r\n <li>\r\n <p>Hotel<\/p>\r\n <\/li>\r\n <\/ul>\r\n <\/div>\r\n \r\n <div class=\"fold-desc\">\r\n <p>Alcuni vantaggi derivanti dall'implementazione di tecnologie intelligenti per la ricarica dei veicoli elettrici negli spazi commerciali o aziendali includono: <\/p>\r\n <\/div>\r\n \r\n <ul>\r\n <li>\r\n <p>Riduzione dell'impronta di carbonio<\/p>\r\n <\/li>\r\n <li>\r\n <p>Minore consumo energetico<\/p>\r\n <\/li>\r\n <li>\r\n <p>Dimostrazione di un'adozione tecnologica all'avanguardia<\/p>\r\n <\/li>\r\n <li>\r\n <p>Soddisfazione delle esigenze attuali e future dei clienti<\/p>\r\n <\/li>\r\n <\/ul>\r\n \r\n <\/div>\r\n \r\n <\/section>\r\n \r\n \r\n <section class=\"fold-articles fold-default fold-slider bg-white overflow-hidden\">\r\n <div class=\"wrapper full-width\">\r\n\r\n <div class=\"fold-details col-xs-12\">\r\n <h2 class=\"fold-title text-center\">Articoli Correlati<\/h2>\r\n <\/div>\r\n\r\n\r\n <div class=\"articles owl-carousel overflow\">\r\n <div class=\"card-wrap\">\r\n <a class=\"card no-styles\" style=\"background-image: url('https:\/\/www.melita.io\/wp-content\/uploads\/2026\/04\/10.M0495-Melitaio-Article-10-image-1.jpg')\" href=\"https:\/\/www.melita.io\/it\/articoli-e-notizie\/esims-role-in-expanding-iot-and-connected-device-markets\/\">\r\n <h6 class=\"card-title\">Il ruolo dell\u2019eSIM nell\u2019espansione dei mercati IoT e dei dispositivi connessi<\/h6>\r\n <\/a>\r\n <\/div>\r\n <div class=\"card-wrap\">\r\n <a class=\"card no-styles\" style=\"background-image: url('https:\/\/www.melita.io\/wp-content\/uploads\/2026\/04\/12_M0497-Melitaio-Article-12-image-1.jpg')\" href=\"https:\/\/www.melita.io\/it\/articoli-e-notizie\/international-iot-day-2026-how-iot-esim-is-shaping-the-future-of-enterprise-iot-connectivity\/\">\r\n <h6 class=\"card-title\">Giornata Internazionale dell\u2019IoT 2026: come l\u2019IoT eSIM sta plasmando il futuro della...<\/h6>\r\n <\/a>\r\n <\/div>\r\n <div class=\"card-wrap\">\r\n <a class=\"card no-styles\" style=\"background-image: url('https:\/\/www.melita.io\/wp-content\/uploads\/2026\/04\/eSIM-Launch_M0489-Melitaio-eSIM-Launch-image-1.jpg')\" href=\"https:\/\/www.melita.io\/it\/articoli-e-notizie\/melita-io-launches-iot-esim-solution-to-accelerate-scalable-global-connectivity\/\">\r\n <h6 class=\"card-title\">melita.io lancia la soluzione eSIM IoT per accelerare la connettivit\u00e0 globale scalabile<\/h6>\r\n <\/a>\r\n <\/div>\r\n <div class=\"card-wrap\">\r\n <a class=\"card no-styles\" style=\"background-image: url('https:\/\/www.melita.io\/wp-content\/uploads\/2026\/03\/jpgM0482-Melitaio-Article-9-image-1.jpg')\" href=\"https:\/\/www.melita.io\/it\/articoli-e-notizie\/esim-trends-and-future-growth-in-industrial-iot-markets\/\">\r\n <h6 class=\"card-title\">Tendenze eSIM e crescita futura nei mercati IoT industriali<\/h6>\r\n <\/a>\r\n <\/div>\r\n <div class=\"card-wrap\">\r\n <a class=\"card no-styles\" style=\"background-image: url('https:\/\/www.melita.io\/wp-content\/uploads\/2026\/03\/M0476-Melitaio-Article-08-image-1.jpg')\" href=\"https:\/\/www.melita.io\/it\/articoli-e-notizie\/how-remote-sim-provisioning-rsp-reshapes-mobile-connectivity\/\">\r\n <h6 class=\"card-title\">Come il remote SIM provisioning ridefinisce la connettivit\u00e0 mobile<\/h6>\r\n <\/a>\r\n <\/div>\r\n <div class=\"card-wrap\">\r\n <a class=\"card no-styles\" style=\"background-image: url('https:\/\/www.melita.io\/wp-content\/uploads\/2026\/03\/M0470-Melitaio-Article-07-Image-2-1.jpg')\" href=\"https:\/\/www.melita.io\/it\/articoli-e-notizie\/who-benefits-from-gsmas-esim-technology\/\">\r\n <h6 class=\"card-title\">eSIM GSMA: vantaggi per operatori, produttori di dispositivi e imprese<\/h6>\r\n <\/a>\r\n <\/div>\r\n <div class=\"card-wrap\">\r\n <a class=\"card no-styles\" style=\"background-image: url('https:\/\/www.melita.io\/wp-content\/uploads\/2026\/03\/M0467-Melitaio-Article-06-Image-1.jpg')\" href=\"https:\/\/www.melita.io\/it\/articoli-e-notizie\/che-cose-lesim-definita-dal-gsma-e-perche-e-importante-oggi\/\">\r\n <h6 class=\"card-title\">Che cos\u2019\u00e8 l\u2019eSIM definita dal GSMA e perch\u00e9 \u00e8 importante oggi<\/h6>\r\n <\/a>\r\n <\/div>\r\n <div class=\"card-wrap\">\r\n <a class=\"card no-styles\" style=\"background-image: url('https:\/\/www.melita.io\/wp-content\/uploads\/2026\/03\/M0462-Melitaio-Article-05-Image-1.jpg')\" href=\"https:\/\/www.melita.io\/it\/articoli-e-notizie\/standard-esim-gsma-a-confronto-sgp-22-vs-sgp-32\/\">\r\n <h6 class=\"card-title\">Standard eSIM GSMA a confronto: SGP.22 vs SGP.32<\/h6>\r\n <\/a>\r\n <\/div>\r\n <div class=\"card-wrap\">\r\n <a class=\"card no-styles\" style=\"background-image: url('https:\/\/www.melita.io\/wp-content\/uploads\/2026\/02\/M0436-Melitaio-Hero-Fold-images-Social-Media-post-4-1.jpg')\" href=\"https:\/\/www.melita.io\/it\/articoli-e-notizie\/esim-use-cases-powering-iot-and-smart-connectivity\/\">\r\n <h6 class=\"card-title\">Casi d\u2019uso dell\u2019eSIM \u2013 abilitare l\u2019IoT e la connettivit\u00e0 intelligente<\/h6>\r\n <\/a>\r\n <\/div>\r\n <div class=\"card-wrap\">\r\n <a class=\"card no-styles\" style=\"background-image: url('https:\/\/www.melita.io\/wp-content\/uploads\/2026\/02\/M0436-Melitaio-Hero-Fold-images-Social-Media-post-3.jpg')\" href=\"https:\/\/www.melita.io\/it\/articoli-e-notizie\/the-future-of-esim-trends-and-innovations\/\">\r\n <h6 class=\"card-title\">Il futuro dell\u2019eSIM \u2013 Tendenze e innovazioni<\/h6>\r\n <\/a>\r\n <\/div>\r\n <\/div>\r\n <\/div>\r\n <\/section>\r\n \r\n \r\n<section class=\"fold-connectivity-provider fold-default bg-white-ellipse-gradient\">\r\n <div class=\"wrapper\">\r\n <div class=\"fold-details col-xs-12 col-md-7\">\r\n <h2 class=\"fold-title col-md-11 fg-blue margin-0\">melita.io<\/h2>\r\n <h2 class=\"fold-title col-md-11\">il tuo fornitore di connettivit\u00e0 IoT<\/h2>\r\n <div class=\"fold-desc col-md-11\">\r\n <p>melita.io \u00e8 dedicata esclusivamente alla fornitura di soluzioni flessibili e competitive di connettivit\u00e0 IoT basate su mobile o LoRaWAN\u00ae a clienti in tutto il mondo. Il nostro approccio \u00e8 digital first, focalizzato nel fornire ai nostri clienti un supporto di prima classe durante tutto il loro ciclo di vita.<\/p>\r\n <\/div>\r\n <div class=\"button-wrap\">\r\n <a class=\"button-default green\" data-custom-open=\"request-quote-modal\">Per saperne di pi\u00f9<\/a>\r\n <\/div>\r\n <\/div>\r\n <div class=\"fold-img-wrap col-md-5\">\r\n <img decoding=\"async\" class=\"fold-img\" src=\"https:\/\/www.melita.io\/wp-content\/plugins\/melita-iot-custom-pages\/templates\/solutions\/single-templates\/..\/..\/..\/img\/solutions\/connectivity-provider.png\" alt=\"\">\r\n <\/div>\r\n <\/div>\r\n<\/section>\r\n \r\n<\/div>\r\n\n","protected":false},"excerpt":{"rendered":"","protected":false},"author":8,"featured_media":7996,"parent":0,"menu_order":0,"comment_status":"open","ping_status":"closed","template":"","format":"standard","class_list":["post-8003","solutions","type-solutions","status-publish","format-standard","has-post-thumbnail","hentry"],"acf":[],"yoast_head":"\n<title>EV Charging Station - melita.io<\/title>\n<meta name=\"description\" content=\"Gestione smart delle stazioni di ricarica EV con IoT. - melita.io\" \/>\n<meta name=\"robots\" content=\"index, follow, max-snippet:-1, max-image-preview:large, max-video-preview:-1\" \/>\n<link rel=\"canonical\" href=\"https:\/\/www.melita.io\/it\/soluzioni\/stazione-di-ricarica-ev\/\" \/>\n<meta property=\"og:locale\" content=\"it_IT\" \/>\n<meta property=\"og:type\" content=\"article\" \/>\n<meta property=\"og:title\" content=\"EV Charging Station - melita.io\" \/>\n<meta property=\"og:description\" content=\"Gestione smart delle stazioni di ricarica EV con IoT. - melita.io\" \/>\n<meta property=\"og:url\" content=\"https:\/\/www.melita.io\/it\/soluzioni\/stazione-di-ricarica-ev\/\" \/>\n<meta property=\"og:site_name\" content=\"melita.io\" \/>\n<meta property=\"article:modified_time\" content=\"2025-11-18T09:08:33+00:00\" \/>\n<meta property=\"og:image\" content=\"https:\/\/www.melita.io\/wp-content\/uploads\/2024\/05\/ev-og-img.jpg\" \/>\n\t<meta property=\"og:image:width\" content=\"1200\" \/>\n\t<meta property=\"og:image:height\" content=\"628\" \/>\n\t<meta property=\"og:image:type\" content=\"image\/jpeg\" \/>\n<meta name=\"twitter:card\" content=\"summary_large_image\" \/>\n<meta name=\"twitter:label1\" content=\"Tempo di lettura stimato\" \/>\n\t<meta name=\"twitter:data1\" content=\"1 minuto\" \/>\n<script type=\"application\/ld+json\" class=\"yoast-schema-graph\">{\"@context\":\"https:\/\/schema.org\",\"@graph\":[{\"@type\":\"WebPage\",\"@id\":\"https:\/\/www.melita.io\/it\/soluzioni\/stazione-di-ricarica-ev\/\",\"url\":\"https:\/\/www.melita.io\/it\/soluzioni\/stazione-di-ricarica-ev\/\",\"name\":\"EV Charging Station - melita.io\",\"isPartOf\":{\"@id\":\"https:\/\/www.melita.io\/it\/#website\"},\"primaryImageOfPage\":{\"@id\":\"https:\/\/www.melita.io\/it\/soluzioni\/stazione-di-ricarica-ev\/#primaryimage\"},\"image\":{\"@id\":\"https:\/\/www.melita.io\/it\/soluzioni\/stazione-di-ricarica-ev\/#primaryimage\"},\"thumbnailUrl\":\"https:\/\/www.melita.io\/wp-content\/uploads\/2024\/05\/ev-og-img.jpg\",\"datePublished\":\"2024-05-21T14:56:37+00:00\",\"dateModified\":\"2025-11-18T09:08:33+00:00\",\"description\":\"Gestione smart delle stazioni di ricarica EV con IoT. - melita.io\",\"breadcrumb\":{\"@id\":\"https:\/\/www.melita.io\/it\/soluzioni\/stazione-di-ricarica-ev\/#breadcrumb\"},\"inLanguage\":\"it-IT\",\"potentialAction\":[{\"@type\":\"ReadAction\",\"target\":[\"https:\/\/www.melita.io\/it\/soluzioni\/stazione-di-ricarica-ev\/\"]}]},{\"@type\":\"ImageObject\",\"inLanguage\":\"it-IT\",\"@id\":\"https:\/\/www.melita.io\/it\/soluzioni\/stazione-di-ricarica-ev\/#primaryimage\",\"url\":\"https:\/\/www.melita.io\/wp-content\/uploads\/2024\/05\/ev-og-img.jpg\",\"contentUrl\":\"https:\/\/www.melita.io\/wp-content\/uploads\/2024\/05\/ev-og-img.jpg\",\"width\":1200,\"height\":628},{\"@type\":\"BreadcrumbList\",\"@id\":\"https:\/\/www.melita.io\/it\/soluzioni\/stazione-di-ricarica-ev\/#breadcrumb\",\"itemListElement\":[{\"@type\":\"ListItem\",\"position\":1,\"name\":\"home\",\"item\":\"https:\/\/www.melita.io\/it\/\"},{\"@type\":\"ListItem\",\"position\":2,\"name\":\"Solutions\",\"item\":\"https:\/\/www.melita.io\/it\/soluzioni\/\"},{\"@type\":\"ListItem\",\"position\":3,\"name\":\"EV Charging Station\"}]},{\"@type\":\"WebSite\",\"@id\":\"https:\/\/www.melita.io\/it\/#website\",\"url\":\"https:\/\/www.melita.io\/it\/\",\"name\":\"melita.io\",\"description\":\"La rete di connettivit\u00e0 M2M europea\",\"publisher\":{\"@id\":\"https:\/\/www.melita.io\/it\/#organization\"},\"potentialAction\":[{\"@type\":\"SearchAction\",\"target\":{\"@type\":\"EntryPoint\",\"urlTemplate\":\"https:\/\/www.melita.io\/it\/?s={search_term_string}\"},\"query-input\":{\"@type\":\"PropertyValueSpecification\",\"valueRequired\":true,\"valueName\":\"search_term_string\"}}],\"inLanguage\":\"it-IT\"},{\"@type\":\"Organization\",\"@id\":\"https:\/\/www.melita.io\/it\/#organization\",\"name\":\"Melita.io\",\"url\":\"https:\/\/www.melita.io\/it\/\",\"logo\":{\"@type\":\"ImageObject\",\"inLanguage\":\"it-IT\",\"@id\":\"https:\/\/www.melita.io\/it\/#\/schema\/logo\/image\/\",\"url\":\"https:\/\/www.melita.io\/wp-content\/uploads\/2020\/11\/melita-io-logo.png\",\"contentUrl\":\"https:\/\/www.melita.io\/wp-content\/uploads\/2020\/11\/melita-io-logo.png\",\"width\":130,\"height\":50,\"caption\":\"Melita.io\"},\"image\":{\"@id\":\"https:\/\/www.melita.io\/it\/#\/schema\/logo\/image\/\"}}]}<\/script>\n","yoast_head_json":{"title":"EV Charging Station - melita.io","description":"Gestione smart delle stazioni di ricarica EV con IoT. - melita.io","robots":{"index":"index","follow":"follow","max-snippet":"max-snippet:-1","max-image-preview":"max-image-preview:large","max-video-preview":"max-video-preview:-1"},"canonical":"https:\/\/www.melita.io\/it\/soluzioni\/stazione-di-ricarica-ev\/","og_locale":"it_IT","og_type":"article","og_title":"EV Charging Station - melita.io","og_description":"Gestione smart delle stazioni di ricarica EV con IoT. - melita.io","og_url":"https:\/\/www.melita.io\/it\/soluzioni\/stazione-di-ricarica-ev\/","og_site_name":"melita.io","article_modified_time":"2025-11-18T09:08:33+00:00","og_image":[{"width":1200,"height":628,"url":"https:\/\/www.melita.io\/wp-content\/uploads\/2024\/05\/ev-og-img.jpg","type":"image\/jpeg"}],"twitter_card":"summary_large_image","twitter_misc":{"Tempo di lettura stimato":"1 minuto"},"schema":{"@context":"https:\/\/schema.org","@graph":[{"@type":"WebPage","@id":"https:\/\/www.melita.io\/it\/soluzioni\/stazione-di-ricarica-ev\/","url":"https:\/\/www.melita.io\/it\/soluzioni\/stazione-di-ricarica-ev\/","name":"EV Charging Station - melita.io","isPartOf":{"@id":"https:\/\/www.melita.io\/it\/#website"},"primaryImageOfPage":{"@id":"https:\/\/www.melita.io\/it\/soluzioni\/stazione-di-ricarica-ev\/#primaryimage"},"image":{"@id":"https:\/\/www.melita.io\/it\/soluzioni\/stazione-di-ricarica-ev\/#primaryimage"},"thumbnailUrl":"https:\/\/www.melita.io\/wp-content\/uploads\/2024\/05\/ev-og-img.jpg","datePublished":"2024-05-21T14:56:37+00:00","dateModified":"2025-11-18T09:08:33+00:00","description":"Gestione smart delle stazioni di ricarica EV con IoT. - melita.io","breadcrumb":{"@id":"https:\/\/www.melita.io\/it\/soluzioni\/stazione-di-ricarica-ev\/#breadcrumb"},"inLanguage":"it-IT","potentialAction":[{"@type":"ReadAction","target":["https:\/\/www.melita.io\/it\/soluzioni\/stazione-di-ricarica-ev\/"]}]},{"@type":"ImageObject","inLanguage":"it-IT","@id":"https:\/\/www.melita.io\/it\/soluzioni\/stazione-di-ricarica-ev\/#primaryimage","url":"https:\/\/www.melita.io\/wp-content\/uploads\/2024\/05\/ev-og-img.jpg","contentUrl":"https:\/\/www.melita.io\/wp-content\/uploads\/2024\/05\/ev-og-img.jpg","width":1200,"height":628},{"@type":"BreadcrumbList","@id":"https:\/\/www.melita.io\/it\/soluzioni\/stazione-di-ricarica-ev\/#breadcrumb","itemListElement":[{"@type":"ListItem","position":1,"name":"home","item":"https:\/\/www.melita.io\/it\/"},{"@type":"ListItem","position":2,"name":"Solutions","item":"https:\/\/www.melita.io\/it\/soluzioni\/"},{"@type":"ListItem","position":3,"name":"EV Charging Station"}]},{"@type":"WebSite","@id":"https:\/\/www.melita.io\/it\/#website","url":"https:\/\/www.melita.io\/it\/","name":"melita.io","description":"La rete di connettivit\u00e0 M2M europea","publisher":{"@id":"https:\/\/www.melita.io\/it\/#organization"},"potentialAction":[{"@type":"SearchAction","target":{"@type":"EntryPoint","urlTemplate":"https:\/\/www.melita.io\/it\/?s={search_term_string}"},"query-input":{"@type":"PropertyValueSpecification","valueRequired":true,"valueName":"search_term_string"}}],"inLanguage":"it-IT"},{"@type":"Organization","@id":"https:\/\/www.melita.io\/it\/#organization","name":"Melita.io","url":"https:\/\/www.melita.io\/it\/","logo":{"@type":"ImageObject","inLanguage":"it-IT","@id":"https:\/\/www.melita.io\/it\/#\/schema\/logo\/image\/","url":"https:\/\/www.melita.io\/wp-content\/uploads\/2020\/11\/melita-io-logo.png","contentUrl":"https:\/\/www.melita.io\/wp-content\/uploads\/2020\/11\/melita-io-logo.png","width":130,"height":50,"caption":"Melita.io"},"image":{"@id":"https:\/\/www.melita.io\/it\/#\/schema\/logo\/image\/"}}]}},"_links":{"self":[{"href":"https:\/\/www.melita.io\/it\/wp-json\/wp\/v2\/solutions\/8003","targetHints":{"allow":["GET"]}}],"collection":[{"href":"https:\/\/www.melita.io\/it\/wp-json\/wp\/v2\/solutions"}],"about":[{"href":"https:\/\/www.melita.io\/it\/wp-json\/wp\/v2\/types\/solutions"}],"author":[{"embeddable":true,"href":"https:\/\/www.melita.io\/it\/wp-json\/wp\/v2\/users\/8"}],"replies":[{"embeddable":true,"href":"https:\/\/www.melita.io\/it\/wp-json\/wp\/v2\/comments?post=8003"}],"version-history":[{"count":2,"href":"https:\/\/www.melita.io\/it\/wp-json\/wp\/v2\/solutions\/8003\/revisions"}],"predecessor-version":[{"id":10001,"href":"https:\/\/www.melita.io\/it\/wp-json\/wp\/v2\/solutions\/8003\/revisions\/10001"}],"wp:featuredmedia":[{"embeddable":true,"href":"https:\/\/www.melita.io\/it\/wp-json\/wp\/v2\/media\/7996"}],"wp:attachment":[{"href":"https:\/\/www.melita.io\/it\/wp-json\/wp\/v2\/media?parent=8003"}],"curies":[{"name":"wp","href":"https:\/\/api.w.org\/{rel}","templated":true}]}}